{"id":95,"date":"2021-03-20T15:18:10","date_gmt":"2021-03-20T15:18:10","guid":{"rendered":"http:\/\/europia.org\/cide22\/?page_id=95"},"modified":"2021-12-09T13:23:23","modified_gmt":"2021-12-09T13:23:23","slug":"programme","status":"publish","type":"page","link":"http:\/\/europia.org\/cide22\/programme\/","title":{"rendered":"Programme"},"content":{"rendered":"\n<p><\/p>\n\n\n\n<p>Le 22e Colloque international sur le Document \u00c9lectronique sera  diffus\u00e9  <strong>\u00e0 distance <\/strong>par la plateforme Teams.<\/p>\n\n\n\n<p><strong>Programme : CiDE.22<\/strong><\/p>\n\n\n\n<p><\/p>\n\n\n\n<p><\/p>\n\n\n\n<p><strong><span class=\"has-inline-color has-blue-color\">Jeudi 09 D\u00e9cembre 2021 <\/span><\/strong><\/p>\n\n\n\n<p>09h \u2013 09:30: Ouverture de la conf\u00e9rence:&nbsp;&nbsp;<\/p>\n\n\n\n<p>Ghislaine Chartron&nbsp;&nbsp;(Dicen, Cnam),&nbsp;&nbsp;Madjid Ihadjadene (Paragraphe-universit\u00e9 de Paris8), Evelyne Broudoux (Dicen, Cnam)<\/p>\n\n\n\n<p>9h30-11h: <strong>Session&nbsp;1 &#8211;&nbsp;<\/strong>G\u00e9rald KEMBELLEC ( Max Weber Stiftung DHIP)<\/p>\n\n\n\n<p><em>L\u2019archivage \u00e0 l\u2019\u00e8re des Big Data : quels nouveaux paradigmes pour l\u2019Archive et quels r\u00f4les pour l\u2019archiviste&nbsp;<\/em>. Reine Marie MARONE (LARSIC, EBAD S\u00e9n\u00e9gal), Moustapha MBENGUE (LARSIC, EBAD S\u00e9n\u00e9gal)<\/p>\n\n\n\n<p><em>Interactions et nouveau r\u00e9gime de m\u00e9diations pour les \u00ab donn\u00e9es \u00bb<\/em>. Ghislaine Chartron (Dicen, Cnam)<\/p>\n\n\n\n<p><em>Dimensions \u00e9thiques dans les syst\u00e8mes d&rsquo;organisation de la connaissance \u00e0 l\u2019heure de l\u2019intelligence artificielle<\/em>.  Joana Casenave (Geriico, Lille3)&nbsp;&nbsp;and Widad Mustafa El Hadi (Geriico,&nbsp;universit\u00e9 de&nbsp;Lille3)<\/p>\n\n\n\n<p>11h- 12h30:&nbsp;<strong>Session 2 &#8211;&nbsp;<\/strong>Madjid Ihadjadene (Paragraphe, universit\u00e9 de Paris8)<\/p>\n\n\n\n<p><em>De quelques reconfigurations de l\u2019information documentation dans les SIC<\/em>. Caroline Courbi\u00e8res&nbsp;(Lerass, Universit\u00e9 de Toulouse 3)<\/p>\n\n\n\n<p><em>La formation en Sciences de l\u2019Information au Maroc : Vers le concept de iSchool ?<\/em>  Abderrahim Ameur (Laboratoire LT2C, Universit\u00e9 Mohammed V de Rabat) Hanae Lrhoul, (Ecole des Sciences de l\u2019Information de Rabat) Nadia Caidi (Facult\u00e9 de l\u2019Information, universit\u00e9 de Toronto) Salah Eddine Bahji (Ecole des Sciences de l\u2019Information de Rabat<\/p>\n\n\n\n<p><em>Apports des Sciences de l\u2019Information \u00e0 une approche interdisciplinaire de l\u2019instrumentation par le num\u00e9rique en contextes p\u00e9dagogiques<\/em>. Fabrice Pirolli&nbsp;(CREN, Le Mans Universit\u00e9)<\/p>\n\n\n\n<p>12h30 \u2013 14h : D\u00e9jeuner (libre)<\/p>\n\n\n\n<p><strong>14h00-15h&nbsp;Conf\u00e9rencier invit\u00e9<\/strong>&nbsp;: <\/p>\n\n\n\n<p><strong>Du tournant objectiviste au tournant critique. Vers une science de l\u2019information plus inclusive, diverse et engag\u00e9e.<\/strong> <a href=\"https:\/\/www.fideliaibekwe.info\/\">Fidelia IBEKWE<\/a>&nbsp; professeure en sciences de l&rsquo;information et de la communication Aix-Marseille Universit\u00e9<\/p>\n\n\n\n<p>15h \u2013 15h15 : Pause caf\u00e9&nbsp;<\/p>\n\n\n\n<p>15h15 \u2013 17h15:\u00a0<strong>Session 3 &#8211;\u00a0<\/strong>Bernard\u00a0Jacquemin ( Geriico, universit\u00e9 de Lille)<\/p>\n\n\n\n<p><em><em>Pratiques de l\u2019Open Data en \u00e9ducation : le r\u00f4le de la donn\u00e9e dans la construction des savoirs<\/em> <\/em>Camille Capelle&nbsp;(Universit\u00e9 de Bordeaux INSPE) , Anne Cordier (Crem, universit\u00e9 de Lorraine), Anne Lehmans (universit\u00e9 de Bordeaux INSPE) et Vincent Liqu\u00e8te (universit\u00e9 de Bordeaux INSPE)<\/p>\n\n\n\n<p><em>Les donn\u00e9es gouvernementales ouvertes au Maroc : Situation actuelle et \u00e9valuation du degr\u00e9 d\u2019ouverture<\/em>. Zakka Fatima-Zahra (Dicen, Cnam) ; Chartron Ghislaine ( Cnam) et Bachr Ahmed Abdelilah (ESI, Rabat Maroc)&nbsp;<\/p>\n\n\n\n<p><em>Les donn\u00e9es au c\u0153ur de l\u2019industrie du futur : nouvelles probl\u00e9matiques&nbsp;informationnelles<\/em>.&nbsp;Nathalie Pin\u00e8de (Mica , Bordeaux)&nbsp;et&nbsp;Bruno Vallespir, (IMS, UMR 5218)<\/p>\n\n\n\n<p><em>Temporalit\u00e9s des ressources informationnelles au prisme de leurs m\u00e9tadonn\u00e9es&nbsp;: &nbsp;\u00e9tude comparative de trois standards de m\u00e9tadonn\u00e9es descriptives<\/em>  Agnieszka SMOLCZEWSKA TONA ( Enssib)<\/p>\n\n\n\n<p><span class=\"has-inline-color has-blue-color\"><strong>Vendredi 10 D\u00e9cembre 2010&nbsp;(Salle des Textiles))<\/strong><\/span><\/p>\n\n\n\n<p><\/p>\n\n\n\n<p>8h00-9h00 Inscription et Accueil&nbsp;&nbsp;des participants&nbsp;<\/p>\n\n\n\n<p>9h30-11h:&nbsp;<strong>Table ronde<\/strong><\/p>\n\n\n\n<p><em>Enjeux de la&nbsp;professionnalisation des DDC (donn\u00e9es documents et connaissances<\/em>. Marie Anne Chabin (professeur associ\u00e9, universit\u00e9 de Paris 8), Gonzague Chasteney de Gery, (Ourouk, Cnam) ,&nbsp;&nbsp;Lo\u00efc Lebigre (professeur associ\u00e9 , Cnam )&nbsp;&nbsp;et Thibault Ribba (Consultant Xd\u00e9mat, Cnam)<\/p>\n\n\n\n<p><strong>11h- 12h30 Session 4 &#8211;&nbsp;<\/strong>Camille Claverie ( Dicen, universit\u00e9 de Nanterre)<\/p>\n\n\n\n<p><em>Le champ bibliom\u00e9trique questionn\u00e9 par le \u00ab&nbsp;march\u00e9&nbsp;\u00bb des indicateurs d\u2019impact&nbsp;: \u00e9volutions socio-techniques et enjeux socio-\u00e9conomiques<\/em>. Ch\u00e9rifa Boukacem Zeghmouri (Elico, universit\u00e9 de Lyon1)<\/p>\n\n\n\n<p><em>Ouvrir la Science Ouverte : pour une meilleure transmission des connaissances<\/em>. Clara Galliano&nbsp; (IMSIC, universit\u00e9 de Toulon)<\/p>\n\n\n\n<p><em>Enjeux de l\u2019\u00e9tude des contextes citationnelles dans le cadre des \u00e9tudes bibliom\u00e9trique&nbsp;: contexte de citation et bloc citationnel.<\/em> Marc Bertin (Elico, universit\u00e9 de Lyon1) et <meta charset=\"utf-8\">Iana Atanassova (CRIT, universit\u00e9 de Bourgogne Franche-Comt\u00e9)<\/p>\n\n\n\n<p>12h30- 14h Pause d\u00e9jeuner (libre)<\/p>\n\n\n\n<p><strong>14h-15h30 Session 5<\/strong> &#8211; Viviane Clavier ( Gresec, universit\u00e9 de Grenoble)<\/p>\n\n\n\n<p>Int\u00e9r\u00eat de la digitalisation des flux documentaires en entreprise : Cas d\u2019observation d\u2019une <em>entreprise tertiaire<\/em>. Laudati Patrizia&nbsp;&nbsp;(universit\u00e9 C\u00f4te d\u2019Azur) &amp; Redouane Lachgar (universit\u00e9 polytechnique Hauts-de-France)<\/p>\n\n\n\n<p>Identification et gestion des donn\u00e9es personnelles dans les textes : mod\u00e8le s\u00e9mantique et a<em>pplications<\/em>. Iana Atanassova (CRIT, universit\u00e9 de Bourgogne Franche-Comt\u00e9), Walid El Abed (Global Data Excellence, suisse), H\u00e9l\u00e8ne Madinier (HEG de G\u00e9n\u00e8ve ) and Sylviane Cardey (CRIT, universit\u00e9 de Bourgogne Franche-Comt\u00e9)<\/p>\n\n\n\n<p><em>Identification et prise en compte de l\u2019impact environnemental des donn\u00e9es num\u00e9riques&nbsp;: un nouveau d\u00e9fi pour la gouvernance de l\u2019information<\/em>. Aur\u00e8le Nicolet (Haute \u00e9cole de gestion de Gen\u00e8ve (HEG), Haute \u00c9cole sp\u00e9cialis\u00e9e de Suisse occidentale) El\u00e9onore Crausaz (HEG, Suisse),&nbsp;&nbsp;Edwine Jaomazava (HEG, Suisse), et Amandine Sieber (HEG, Suisse<\/p>\n\n\n\n<p><strong>15h30-17h30&nbsp;&nbsp;Session 6&nbsp;<\/strong>&#8211; Evelyne Broudoux ( Cnam, Dicen)<\/p>\n\n\n\n<p><em>Activit\u00e9  informationnelle des chefs militaires  dans un \u00e9tat-major op\u00e9rationnel de l\u2019arm\u00e9e de Terre<\/em>. Mary Baudu-Peter (Cerege, Universit\u00e9 de Poitiers\/IAE)&nbsp;&nbsp;et&nbsp;&nbsp;Anna Lezon&nbsp; (Paragraphe, Paris 8)<\/p>\n\n\n\n<p><em>Les pratiques info-communicationnelles des enseignants-chercheurs en m\u00e9decine au Maroc<\/em>. Amal Jaouzi (GRESEC, Universit\u00e9 Grenoble Alpes)<\/p>\n\n\n\n<p><em>Les pratiques informationnelles professionnelles des enseignants du secondaire&nbsp;: \u00e9tat des lieux et perspectives<\/em>. Messaoui Anita (ACT\u00e9 &#8211; ENS Lyon), Loffreda Magali (EDA, Universit\u00e9 de Paris)<\/p>\n\n\n\n<p><em>Quelle identit\u00e9 num\u00e9rique des biblioth\u00e8ques sur le web de donn\u00e9es<\/em>?. Kaouther AZOUZ (Geriico, universit\u00e9 de Lille).<\/p>\n","protected":false},"excerpt":{"rendered":"<p>Le 22e Colloque international sur le Document \u00c9lectronique sera diffus\u00e9 \u00e0 distance par la plateforme Teams. Programme : CiDE.22 Jeudi 09 D\u00e9cembre 2021 09h \u2013 09:30: Ouverture de la conf\u00e9rence:&nbsp;&nbsp; Ghislaine Chartron&nbsp;&nbsp;(Dicen, Cnam),&nbsp;&nbsp;Madjid Ihadjadene (Paragraphe-universit\u00e9 de Paris8), Evelyne Broudoux (Dicen, &hellip; <a href=\"http:\/\/europia.org\/cide22\/programme\/\">Continuer la lecture <span class=\"meta-nav\">&rarr;<\/span><\/a><\/p>\n","protected":false},"author":1,"featured_media":0,"parent":0,"menu_order":0,"comment_status":"closed","ping_status":"closed","template":"","meta":[],"_links":{"self":[{"href":"http:\/\/europia.org\/cide22\/wp-json\/wp\/v2\/pages\/95"}],"collection":[{"href":"http:\/\/europia.org\/cide22\/wp-json\/wp\/v2\/pages"}],"about":[{"href":"http:\/\/europia.org\/cide22\/wp-json\/wp\/v2\/types\/page"}],"author":[{"embeddable":true,"href":"http:\/\/europia.org\/cide22\/wp-json\/wp\/v2\/users\/1"}],"replies":[{"embeddable":true,"href":"http:\/\/europia.org\/cide22\/wp-json\/wp\/v2\/comments?post=95"}],"version-history":[{"count":30,"href":"http:\/\/europia.org\/cide22\/wp-json\/wp\/v2\/pages\/95\/revisions"}],"predecessor-version":[{"id":231,"href":"http:\/\/europia.org\/cide22\/wp-json\/wp\/v2\/pages\/95\/revisions\/231"}],"wp:attachment":[{"href":"http:\/\/europia.org\/cide22\/wp-json\/wp\/v2\/media?parent=95"}],"curies":[{"name":"wp","href":"https:\/\/api.w.org\/{rel}","templated":true}]}}