{"id":22,"date":"2021-03-18T17:51:09","date_gmt":"2021-03-18T17:51:09","guid":{"rendered":"http:\/\/europia.org\/cide22\/?page_id=22"},"modified":"2021-03-18T20:17:28","modified_gmt":"2021-03-18T20:17:28","slug":"appel-a-communication","status":"publish","type":"page","link":"http:\/\/europia.org\/cide22\/appel-a-communication\/","title":{"rendered":"Appel \u00e0 communication"},"content":{"rendered":"\n<p>Sont concern\u00e9es par ce colloque toutes les recherches, th\u00e9oriques, conceptuelles ou exp\u00e9rimentales, qui s\u2019inscrivent dans la perspective des \u00e9tudes sur les donn\u00e9es, l&rsquo;information, le document et les connaissances. Une mise en perspective internationale et une analyse des sp\u00e9cificit\u00e9s des sciences de l\u2019information par rapport aux autre sciences interpell\u00e9es par ces m\u00eames th\u00e9matiques seront appr\u00e9ci\u00e9es. Dans ce cadre g\u00e9n\u00e9ral, les th\u00e8mes du colloque 2021 sont :<\/p>\n\n\n\n<ul><li><strong>Environnement et \u00e9cologie des DDC (donn\u00e9es documents et connaissances)<\/strong><ul><li>Gouvernance des donn\u00e9es et de l&rsquo;information<\/li><li>Politiques publiques<\/li><li>\u00c9thique et droit en contexte<\/li><li>S\u00e9curit\u00e9 et souverainet\u00e9 des DDC<\/li><li>\u00c9conomie des DDC (valeurs, mod\u00e8les et strat\u00e9gies)<\/li><li>Plateformes num\u00e9riques<\/li><\/ul><\/li><li><strong>Culture et maitrise des DDC (donn\u00e9es documents et connaissances)<\/strong><ul><li>Comp\u00e9tences info-documentaires (info-data, info-doc et info-m\u00e9dia)<\/li><li>Qualit\u00e9 et \u00e9valuation des donn\u00e9es et de l&rsquo;information<\/li><\/ul><ul><li>D\u00e9sinformation et Influences<\/li><li>Normes, mod\u00e8les et r\u00e9f\u00e9rentiels en contexte (Frbr, RDA,Cidoc-CRM, etc.)<\/li><li>Ing\u00e9nierie des DDC<\/li><\/ul><\/li><li><strong>Ing\u00e9nierie linguistique, s\u00e9mantique, intelligence artificielle<\/strong><ul><li>M\u00e9tadonn\u00e9es et Architecture de l&rsquo;information<\/li><li>Organisation des connaissances<\/li><li>Web de donn\u00e9es et applicatifs documentaires<\/li><li>Recherche d&rsquo;information : outils et services<\/li><li>Intelligence artificielle et services d\u2019information<\/li><\/ul><\/li><li><strong>Veille et gestion des connaissances<\/strong><ul><li>Capitalisation des connaissances : dispositifs et processus<\/li><li>Analyse strat\u00e9gique des donn\u00e9es et de l&rsquo;information<\/li><li>Renseignement et Intelligence \u00e9conomique<\/li><li>Gestion de la m\u00e9moire organisationnelle<\/li><\/ul><\/li><li><strong>Usages et pratiques informationnelles<\/strong><ul><li>Pratiques informationnelles en contexte m\u00e9tier (juridique, m\u00e9dicale, \u00e9conomique, p\u00e9dagogique, etc.)<\/li><li>Usages des DDC<\/li><li>Partage des donn\u00e9es et de l&rsquo;information : r\u00e9alit\u00e9s et freins<\/li><li>La m\u00e9diation des donn\u00e9es, des documents et des connaissances<\/li><\/ul><\/li><li><strong>Sciences et donn\u00e9es ouvertes<\/strong><ul><li>Bibliom\u00e9trie et indicateurs de la recherche<\/li><li>Nouveaux mod\u00e8les de publication<\/li><li>Open data : appropriation et r\u00e9utilisation<\/li><li>Confiance et citoyennet\u00e9 num\u00e9rique<\/li><\/ul><\/li><li><strong>Professionnalisation des DDC (donn\u00e9es documents et connaissances)<\/strong><ul><li>Institutions (biblioth\u00e8ques, mus\u00e9es, archives, CDI et centre de documentation, etc.) : \u00e9volutions, convergences des missions<\/li><\/ul><ul><li>Diversit\u00e9 et renouvellement des m\u00e9tiers<\/li><li>Acteurs des DDC<\/li><li>Comp\u00e9tences et formation des professionnel.les de l&rsquo;information<\/li><\/ul><\/li><li><em>D\u2019autres probl\u00e9matiques peuvent \u00eatre soumises<\/em><\/li><\/ul>\n\n\n\n<p><strong>CALENDRIER<\/strong><\/p>\n\n\n\n<ul><li>15 mai : date limite de r\u00e9ception des propositions (r\u00e9sum\u00e9s longs, 2 \u00e0 3 pages)<\/li><li>15 juin : date de notification d\u2019acceptation de la proposition (r\u00e9sum\u00e9s) et retour aux auteurs retenus apr\u00e8s expertises en double aveugle<\/li><li>15 septembre : r\u00e9ception des articles qui seront \u00e9valu\u00e9s en double aveugle<\/li><li>15 octobre : date de notification d\u2019acceptation d\u00e9finitive aux auteurs<\/li><li>30 octobre : date limite de r\u00e9ception des articles dans leur version finale.<\/li><\/ul>\n\n\n\n<p><strong>Co-Pr\u00e9sidence de la conf\u00e9rence CIDE.22<\/strong><\/p>\n\n\n\n<ul><li>Ghislaine CHARTRON, CNAM Paris<\/li><li>Madjid IHADJADENE, Universit\u00e9 Paris 8 (France)<\/li><li>Evelyne BROUDOUX, CNAM Paris<\/li><\/ul>\n\n\n\n<p><strong>Lien<\/strong> (<a href=\"https:\/\/easychair.org\/conferences\/?conf=cide22\">easychair<\/a>) pour la soumission des articles : <a href=\"https:\/\/easychair.org\/conferences\/?conf=cide22\">soumettre<\/a><\/p>\n\n\n\n<p><\/p>\n","protected":false},"excerpt":{"rendered":"<p>Sont concern\u00e9es par ce colloque toutes les recherches, th\u00e9oriques, conceptuelles ou exp\u00e9rimentales, qui s\u2019inscrivent dans la perspective des \u00e9tudes sur les donn\u00e9es, l&rsquo;information, le document et les connaissances. Une mise en perspective internationale et une analyse des sp\u00e9cificit\u00e9s des sciences &hellip; <a href=\"http:\/\/europia.org\/cide22\/appel-a-communication\/\">Continuer la lecture <span class=\"meta-nav\">&rarr;<\/span><\/a><\/p>\n","protected":false},"author":1,"featured_media":0,"parent":0,"menu_order":0,"comment_status":"closed","ping_status":"closed","template":"","meta":[],"_links":{"self":[{"href":"http:\/\/europia.org\/cide22\/wp-json\/wp\/v2\/pages\/22"}],"collection":[{"href":"http:\/\/europia.org\/cide22\/wp-json\/wp\/v2\/pages"}],"about":[{"href":"http:\/\/europia.org\/cide22\/wp-json\/wp\/v2\/types\/page"}],"author":[{"embeddable":true,"href":"http:\/\/europia.org\/cide22\/wp-json\/wp\/v2\/users\/1"}],"replies":[{"embeddable":true,"href":"http:\/\/europia.org\/cide22\/wp-json\/wp\/v2\/comments?post=22"}],"version-history":[{"count":4,"href":"http:\/\/europia.org\/cide22\/wp-json\/wp\/v2\/pages\/22\/revisions"}],"predecessor-version":[{"id":43,"href":"http:\/\/europia.org\/cide22\/wp-json\/wp\/v2\/pages\/22\/revisions\/43"}],"wp:attachment":[{"href":"http:\/\/europia.org\/cide22\/wp-json\/wp\/v2\/media?parent=22"}],"curies":[{"name":"wp","href":"https:\/\/api.w.org\/{rel}","templated":true}]}}